{"id":1169,"date":"2017-09-27T05:45:42","date_gmt":"2017-09-27T03:45:42","guid":{"rendered":"http:\/\/www.monzalecco.lombardia.cisl.it\/?page_id=1169"},"modified":"2025-12-30T16:25:49","modified_gmt":"2025-12-30T15:25:49","slug":"assistenza-fiscale","status":"publish","type":"page","link":"https:\/\/www.monzalecco.lombardia.cisl.it\/?page_id=1169","title":{"rendered":"Assistenza fiscale (CAF)"},"content":{"rendered":"<p><img loading=\"lazy\" decoding=\"async\" class=\"alignnone wp-image-2515\" src=\"http:\/\/www.monzalecco.lombardia.cisl.it\/wp-content\/uploads\/2018\/06\/caf-300x298.jpg\" alt=\"\" width=\"190\" height=\"189\" srcset=\"https:\/\/www.monzalecco.lombardia.cisl.it\/wp-content\/uploads\/2018\/06\/caf-300x298.jpg 300w, https:\/\/www.monzalecco.lombardia.cisl.it\/wp-content\/uploads\/2018\/06\/caf-150x150.jpg 150w, https:\/\/www.monzalecco.lombardia.cisl.it\/wp-content\/uploads\/2018\/06\/caf-768x764.jpg 768w, https:\/\/www.monzalecco.lombardia.cisl.it\/wp-content\/uploads\/2018\/06\/caf-1024x1019.jpg 1024w, https:\/\/www.monzalecco.lombardia.cisl.it\/wp-content\/uploads\/2018\/06\/caf-510x510.jpg 510w, https:\/\/www.monzalecco.lombardia.cisl.it\/wp-content\/uploads\/2018\/06\/caf.jpg 1121w\" sizes=\"auto, (max-width: 190px) 100vw, 190px\" \/><\/p>\n<pre class=\"western\"><\/pre>\n<p>Il Caf Cisl fornisce a iscritti, lavoratori e pensionati assistenza e consulenza personalizzata e qualificata nel campo fiscale e delle agevolazioni sociali. Che cosa offriamo? Dichiarazione mod. 730, congiunto o singolo, Modello Redditi Persone Fisiche, 730\/RED, Modello ISE, Calcolo IMU e TASI, Compilazione F24, Detrazioni Fiscali.<br \/>\nSito web <a href=\"http:\/\/www.cafcisl.it\" target=\"_blank\" rel=\"noopener noreferrer\">www.cafcisl.it<\/a><\/p>\n<h2>CAF Monza<\/h2>\n<p><strong><br \/>\nMONZA<\/strong><br \/>\nVia Dante, 6 &#8211; Monza MB<br \/>\nTel. 039\/2301066 \u2013 039\/2399300<br \/>\nEmail <a href=\"mailto:caaf.monza@cisl.it\">caaf.monza@cisl.it<\/a><br \/>\nDal luned\u00ec al venerd\u00ec 8.30-12.30 e 14.00-18.00<\/p>\n<p><strong>CARATE BRIANZA<\/strong><br \/>\nPiazza IV Novembre, 9 Carate Brianza (MB)<br \/>\ntel. 039\/2399400<br \/>\nDal luned\u00ec al venerd\u00ec 9.00-12.30 e 14.00-18.00<\/p>\n<p><strong>SEREGNO<\/strong><br \/>\nVia Sciesa, 11 &#8211; Seregno (MB)<br \/>\nTel. 0362.230080 &#8211; Fax. 039.2399456<br \/>\nDal luned\u00ec al venerd\u00ec 8.30-12.30 e 14.00-18.00<\/p>\n<p><strong>VIMERCATE<\/strong><br \/>\nVia I. Rota, 9 &#8211; Vimercate MB<br \/>\nTel. 039.6083383 &#8211; Fax. 039.2399372<br \/>\nSolo su appuntamento dal luned\u00ec al venerd\u00ec 8.30-12.30 e 14.00-18.00<\/p>\n<p><strong>CESANO MADERNO<\/strong><br \/>\nVia Strada, 2\/B &#8211; Cesano Maderno MB<br \/>\nTel. 0362.501501 &#8211; Fax. 039.2399560<br \/>\ndal luned\u00ec al venerd\u00ec dalle 9.00 alle 12.00<br \/>\nmarted\u00ec e gioved\u00ec dalle 14.00 alle 18.00<br \/>\nE-mail caaf.monza@cisl.it<\/p>\n<p><strong>AGRATE BRIANZA<\/strong><br \/>\nVia Matteotti, 87 &#8211; 20864 Agrate Brianza<br \/>\nTel. 039.2399394<br \/>\nIl servizio \u00e8 disponibile solo durante la campagna fiscale (fine marzo-fine giugno) nei seguenti orari:<br \/>\ndal luned\u00ec al venerd\u00ec ore 8.30-12.30<\/p>\n<p><strong>BESANA IN BRIANZA<\/strong><br \/>\nVia Santa Caterina, 6 &#8211; Besana Brianza MB<br \/>\nTel. 039\/2399444<br \/>\nIl servizio \u00e8 disponibile solo durante la campagna fiscale (fine marzo-fine giugno) nei seguenti orari:<br \/>\nMarted\u00ec, gioved\u00ec ore 8.30-12.30 14.00-18.00<br \/>\nVenerd\u00ec ore 14.00-18.00<\/p>\n<p><strong>BIASSONO<\/strong><br \/>\nVia Verri, 13 &#8211; 20853 Biassono<br \/>\nTel. 039.2399290<br \/>\nIl servizio \u00e8 disponibile solo durante la campagna fiscale (fine marzo-fine giugno) nei seguenti orari:<br \/>\ndal luned\u00ec al venerd\u00ec ore 8.30-12.30<\/p>\n<p><strong>BRUGHERIO<\/strong><br \/>\nVia Italia, 62 &#8211; Brugherio MB<br \/>\nTel. 039\/2399295 &#8211; 039\/2399447<br \/>\nIl servizio \u00e8 disponibile solo durante la campagna fiscale (fine marzo-fine giugno) nei seguenti orari:<br \/>\ndal luned\u00ec al venerd\u00ec ore 8.30-12.30<\/p>\n<p><strong>DESIO<\/strong><br \/>\nVia Mons. Cattaneo, 23 Desio MB<br \/>\nTel. 0362.622024 Fax. 039.239950<br \/>\nRiceve su appuntamento il luned\u00ec e il mercoled\u00ec dalle 8.30 alle 12.30<\/p>\n<p><strong>GIUSSANO<\/strong><br \/>\nVia Alberto da Giussano, 35 &#8211; Giussano MB<br \/>\nTel. 039.2399441 &#8211; Fax. 039.2399746<br \/>\nIl servizio \u00e8 disponibile solo durante la campagna fiscale (fine marzo-fine giugno) nei seguenti orari:<br \/>\ndal luned\u00ec al venerd\u00ec ore 8.30-12.30 e 14.00-18.00<\/p>\n<p><strong>LISSONE<\/strong><br \/>\nPiazza Cavour, 5 &#8211; 20851 Lissone<br \/>\nTel. 039.2399292<br \/>\nRiceve su appuntamento marted\u00ec, gioved\u00ec e venerd\u00ec dalle 8.30 alle 12.30<\/p>\n<p><strong>CAVENAGO DI BRIANZA<\/strong><br \/>\nTel. 039-2399395<br \/>\nEx Villa Stucchi via Mazzini, 29 &#8211; Cavenago (MB)<br \/>\nIl servizio \u00e8 disponibile solo durante la campagna fiscale (fine marzo-fine giugno) nei seguenti orari:<br \/>\nMarted\u00ec, gioved\u00ec, venerd\u00ec ore 8.30-12.30 e 14.00-18.00<\/p>\n<p><strong>CONCOREZZO<\/strong><br \/>\nTEL. 0396041762<br \/>\nC\\O Centro Anziani &#8211; Via Libert\u00e0, 9 \u2013 Concorezzo (MB)<br \/>\nIl servizio \u00e8 disponibile solo durante la campagna fiscale (fine marzo-fine giugno) nei seguenti orari:<br \/>\nMarted\u00ec e gioved\u00ec 8.30-12.30 14.00-18.00<br \/>\nMercoled\u00ec&#8217; 8.30-12.30<\/p>\n<p><strong>CORNATE D&#8217;ADDA<\/strong><br \/>\nTel. 039.2399397<br \/>\nVia Volta, 31 &#8211; 20872 Cornate d\u2019Adda<br \/>\nIl servizio \u00e8 disponibile solo durante la campagna fiscale (fine marzo-fine giugno) nei seguenti orari:<br \/>\nLuned\u00ec e mercoled\u00ec 8.30-12.30 14.00-18.00<\/p>\n<p><strong>MUGGI\u00d2<\/strong><br \/>\nTel. 039.2399540<br \/>\nVia san rocco, 34 &#8211; 20835 Muggi\u00f2<br \/>\nIl servizio \u00e8 disponibile solo durante la campagna fiscale (fine marzo-fine giugno) nei seguenti orari:<br \/>\nMarted\u00ec e gioved\u00ec 8.30-12.30 14.00-18.00<\/p>\n<p><strong>ARCORE<\/strong><br \/>\nTel. 039.2399393<br \/>\nVia Umberto I\u00b0, 43 &#8211; 20862 Arcore<br \/>\nIl servizio \u00e8 disponibile solo durante la campagna fiscale (fine marzo-fine giugno) nei seguenti orari:<br \/>\ndal luned\u00ec al venerd\u00ec ore 8.30-12.00 e 14.00-18.00<\/p>\n<p><strong>MONZA SAN FRUTTUOSO<\/strong><br \/>\nTel. 039.2399294<br \/>\nVia Risorgimento, 22\\A &#8211; 20900 Monza<br \/>\nIl servizio \u00e8 disponibile solo durante la campagna fiscale (fine marzo-fine giugno) nei seguenti orari:<br \/>\nIl venerd\u00ec ore 8.30-12.30 e 14.00-18.00<\/p>\n<p><strong>SEVESO<\/strong><br \/>\nTel. 039.2399591<br \/>\nVia San Martino, 27 &#8211; 20822 Seveso<br \/>\nIl servizio \u00e8 disponibile solo durante la campagna fiscale (fine marzo-fine giugno) nei seguenti orari:<br \/>\nLuned\u00ec, mercoled\u00ec e venerd\u00ec 8.30-12.30 14.00-18.00<\/p>\n<p><strong>VEDUGGIO CON COLZANO<\/strong><br \/>\nTel. 039.2399440<br \/>\nVia Sant\u2019Antonio, 6 &#8211; 20837 Veduggio con Colzano<br \/>\nIl servizio \u00e8 disponibile solo durante la campagna fiscale (fine marzo-fine giugno) nei seguenti orari:<br \/>\nLuned\u00ec, mercoled\u00ec 8.30-12.30 14.00-18.00<br \/>\nVenerd\u00ec 08.30-12.30<\/p>\n<p><strong>VILLASANTA<\/strong><br \/>\nTel. 039.2399289<br \/>\nPiazza Martiri di Belfiore &#8211; 20852 Villasanta<br \/>\nIl servizio \u00e8 disponibile solo durante la campagna fiscale (fine marzo-fine giugno) nei seguenti orari:<br \/>\nLuned\u00ec 8.30-12.30 14.00-18.00<br \/>\nMercoled\u00ec 14.00-18.00<\/p>\n<h2>CAF Lecco<\/h2>\n<p><strong>SEDI APERTE TUTTO L\u2019ANNO<\/strong><\/p>\n<p><strong>LECCO<\/strong><br \/>\nVia Besonda, 11 \u2013 23900 Lecco<br \/>\nTel. 0341\/275685<br \/>\nEmail <a href=\"mailto:caaf.lecco@cisl.it\">caaf.lecco@cisl.it<\/a><br \/>\nApertura al pubblico.<br \/>\ndal luned\u00ec a venerd\u00ec orario 8.30-12.30 \/ 14.30-18.30<\/p>\n<p><strong>BARZAN\u00d2<\/strong><br \/>\nvia Pirovano 10<br \/>\nTel. 039.9212044<br \/>\nda luned\u00ec a venerd\u00ec 9.00-12.00<br \/>\nDurante la campagna fiscale (fine marzo-fine giugno)<br \/>\nil servizio \u00e8 aperto nei seguenti orari 8.30-12.30 \/ 14.30-18.30<\/p>\n<p><strong>OLGIATE MOLGORA<br \/>\n<\/strong>via Fabricone, 75<br \/>\nTel. 039.2460499<br \/>\nsu appuntamento<\/p>\n<p><strong>CALOZIOCORTE<\/strong><br \/>\nCorso Europa 11 &#8211; Calolziocorte LC<br \/>\nTel. 0341-630033 &#8211; Fax. 0341-644519<br \/>\nda luned\u00ec a venerd\u00ec 9.00-12.00<br \/>\nDurante la campagna fiscale (fine marzo-fine giugno)<br \/>\nil servizio \u00e8 aperto nei seguenti orari 8.30-12.00<\/p>\n<p><strong>COLICO<\/strong><br \/>\nVia Sacco 27 &#8211; Colico LC<br \/>\ntel. 0341-941855<br \/>\nRecapito il gioved\u00ec e venerd\u00ec dalle 8.30 alle 12.30 e dalle 14.30 alle 18.30<br \/>\nEmail <a href=\"mailto:caaf.lecco@cisl.it\">caaf.lecco@cisl.it<\/a><\/p>\n<p><strong>COSTA MASNAGA<\/strong><br \/>\nVia G. Galilei, 1 &#8211; Costa Masnaga LC<br \/>\nTel. 031-856525 &#8211; Fax. 031-2243557<br \/>\nDurante la campagna fiscale (fine marzo-fine giugno)<br \/>\nil servizio \u00e8 aperto nei seguenti orari 8.30-12.30 \/ 14.30-18.30<\/p>\n<p><strong>INTROBIO<\/strong><br \/>\nPiazza Cavour, 3 &#8211; Introbio LC<br \/>\nTel. 0341-980508 &#8211; Fax. 0341-980508<br \/>\n2\u00b0 e 4\u00b0 luned\u00ec 14.30-17.30<br \/>\nDurante la campagna fiscale (fine marzo-fine giugno)<br \/>\nil servizio \u00e8 aperto nei seguenti orari 8.30-12.30 \/ 14.30-18.30<\/p>\n<p><strong>MANDELLO DEL LARIO<\/strong><br \/>\nVia Dante 6 &#8211; Mandello del Lario LC<br \/>\nTel. 0341-733453 &#8211; Fax. 0341-700705<br \/>\nluned\u00ec 9.00-12.00 \u2013 14.00 -16.00<br \/>\nDurante la campagna fiscale (fine marzo-fine giugno)<br \/>\nil servizio \u00e8 aperto nei seguenti orari 8.30-12.30 \/ 14.30-18.30<\/p>\n<p><strong>MERATE<\/strong><br \/>\nVia De Gasperi 135 &#8211; Merate LC<br \/>\nTel. 039-9905239 &#8211; Fax. 039-9270557<br \/>\nda luned\u00ec a venerd\u00ec 9.00-12.00<br \/>\nLuned\u00ec \u2013 mercoled\u00ec \u2013 gioved\u00ec 14.30-18.30<br \/>\nDurante la campagna fiscale (fine marzo-fine giugno)<br \/>\nil servizio \u00e8 aperto nei seguenti orari 8.30-12.30 \/ 14.30-18.30<\/p>\n<p><strong>OGGIONO<\/strong><br \/>\nVia 1\u00b0 Maggio 4\/6 &#8211; Oggiono LC<br \/>\nTel. 0341-576110 &#8211; Fax. 0341-260169<br \/>\nda luned\u00ec a venerd\u00ec 9.00-12.00<br \/>\nDurante la campagna fiscale (fine marzo-fine giugno)<br \/>\nil servizio \u00e8 aperto nei seguenti orari 8.30-12.30 \/ 14.30-18.30<\/p>\n<p><strong>VALMADRERA<\/strong><br \/>\nVia San Rocco 49 &#8211; Valmadrera LC<br \/>\nTel. 0341-582602 &#8211; Fax. 0341-582602<br \/>\nMercoled\u00ec 9.00-12.00<br \/>\nDurante la campagna fiscale (fine marzo-fine giugno)<br \/>\nil servizio \u00e8 aperto nei seguenti orari 8.30-12.30 \/ 14.30-18.30<\/p>\n<p><strong>Solo durante la campagna fiscale &#8211; sede FNP BELLANO<\/strong><br \/>\nVia Manzoni, 1 &#8211; Bellano LC<br \/>\nTel. 334-7583142<br \/>\nApertura solo durante la campagna fiscale<br \/>\ndal luned\u00ec a venerd\u00ec orario 8.30-12.30 \/ 14.30-18.30<\/p>\n<div id=\"wpgmza_map\" class=\"wpgmza_map\" data-settings='{\"id\":\"1\",\"map_title\":\"Cisl Monza Brianza Lecco\",\"map_width\":\"100\",\"map_height\":\"1000\",\"map_start_lat\":\"45.967206\",\"map_start_lng\":\"9.356929\",\"map_start_location\":\"45.96720599999998,9.356928626953156\",\"map_start_zoom\":\"10\",\"default_marker\":\"\\\/\\\/www.monzalecco.lombardia.cisl.it\\\/wp-content\\\/uploads\\\/2018\\\/06\\\/map-marker-icon.20x35.png\",\"type\":\"1\",\"alignment\":\"4\",\"directions_enabled\":\"0\",\"styling_enabled\":\"0\",\"styling_json\":\"\",\"active\":\"0\",\"kml\":\"\",\"bicycle\":\"0\",\"traffic\":\"0\",\"dbox\":\"1\",\"dbox_width\":\"100\",\"listmarkers\":\"0\",\"listmarkers_advanced\":\"0\",\"filterbycat\":\"1\",\"ugm_enabled\":\"0\",\"ugm_category_enabled\":\"0\",\"fusion\":\"\",\"map_width_type\":\"\\\\%\",\"map_height_type\":\"px\",\"mass_marker_support\":\"1\",\"ugm_access\":\"0\",\"order_markers_by\":\"2\",\"order_markers_choice\":\"1\",\"show_user_location\":\"2\",\"default_to\":\"\",\"other_settings\":{\"wpgmza_store_locator_restrict\":\"\",\"wpgmza_sl_animation\":\"1\",\"store_locator_query_string\":\"CAP \\\/ Indirizzo:\",\"store_locator_name_string\":\"Titolo \\\/ Descrizione:\",\"store_locator_default_address\":\"\",\"wpgmza_dbox_width_type\":\"%\",\"map_max_zoom\":\"3\",\"map_min_zoom\":\"21\",\"sl_stroke_color\":\"FF0000\",\"sl_stroke_opacity\":\"0.25\",\"sl_fill_color\":\"FF0000\",\"sl_fill_opacity\":\"0.15\",\"click_open_link\":1,\"transport_layer\":0,\"iw_primary_color\":\"2A3744\",\"iw_accent_color\":\"252F3A\",\"iw_text_color\":\"FFFFFF\",\"wpgmza_iw_type\":\"0\",\"list_markers_by\":\"0\",\"push_in_map\":\"\",\"push_in_map_placement\":\"9\",\"wpgmza_push_in_map_width\":\"\",\"wpgmza_push_in_map_height\":\"\",\"wpgmza_theme_data\":\"\",\"upload_default_ul_marker\":\"\",\"upload_default_sl_marker\":\"\",\"shortcodeAttributes\":{\"id\":\"1\",\"cat_id\":\"2001\"}}}' data-map-id='1' Data-maps-engine='' data-shortcode-attributes='{\"id\":\"1\",\"cat_id\":\"2002\",\"enable_directions\":\"1\"}' style=\"display:block; overflow:auto; width:100%; height:1000px; float:left;\"><\/div>\n","protected":false},"excerpt":{"rendered":"<p>Il Caf Cisl fornisce a iscritti, lavoratori e pensionati assistenza e consulenza personalizzata e qualificata nel campo fiscale e delle agevolazioni sociali. Che cosa offriamo? Dichiarazione mod. 730, congiunto o singolo, Modello Redditi Persone Fisiche, 730\/RED, Modello ISE, Calcolo IMU e TASI, Compilazione F24, Detrazioni Fiscali. Sito web www.cafcisl.it CAF Monza MONZA Via Dante, 6 [&hellip;]<\/p>\n","protected":false},"author":5,"featured_media":0,"parent":0,"menu_order":0,"comment_status":"closed","ping_status":"closed","template":"","meta":{"footnotes":""},"class_list":["post-1169","page","type-page","status-publish","czr-hentry"],"_links":{"self":[{"href":"https:\/\/www.monzalecco.lombardia.cisl.it\/index.php?rest_route=\/wp\/v2\/pages\/1169","targetHints":{"allow":["GET"]}}],"collection":[{"href":"https:\/\/www.monzalecco.lombardia.cisl.it\/index.php?rest_route=\/wp\/v2\/pages"}],"about":[{"href":"https:\/\/www.monzalecco.lombardia.cisl.it\/index.php?rest_route=\/wp\/v2\/types\/page"}],"author":[{"embeddable":true,"href":"https:\/\/www.monzalecco.lombardia.cisl.it\/index.php?rest_route=\/wp\/v2\/users\/5"}],"replies":[{"embeddable":true,"href":"https:\/\/www.monzalecco.lombardia.cisl.it\/index.php?rest_route=%2Fwp%2Fv2%2Fcomments&post=1169"}],"version-history":[{"count":34,"href":"https:\/\/www.monzalecco.lombardia.cisl.it\/index.php?rest_route=\/wp\/v2\/pages\/1169\/revisions"}],"predecessor-version":[{"id":18740,"href":"https:\/\/www.monzalecco.lombardia.cisl.it\/index.php?rest_route=\/wp\/v2\/pages\/1169\/revisions\/18740"}],"wp:attachment":[{"href":"https:\/\/www.monzalecco.lombardia.cisl.it\/index.php?rest_route=%2Fwp%2Fv2%2Fmedia&parent=1169"}],"curies":[{"name":"wp","href":"https:\/\/api.w.org\/{rel}","templated":true}]}}