{"id":1173,"date":"2017-09-27T05:46:52","date_gmt":"2017-09-27T03:46:52","guid":{"rendered":"http:\/\/www.monzalecco.lombardia.cisl.it\/?page_id=1173"},"modified":"2024-05-20T17:42:39","modified_gmt":"2024-05-20T15:42:39","slug":"immigrati","status":"publish","type":"page","link":"https:\/\/www.monzalecco.lombardia.cisl.it\/?page_id=1173","title":{"rendered":"Immigrati (ANOLF)"},"content":{"rendered":"<p><img loading=\"lazy\" decoding=\"async\" class=\"alignnone wp-image-2522\" src=\"http:\/\/www.monzalecco.lombardia.cisl.it\/wp-content\/uploads\/2018\/06\/SWHobeM2-300x300.jpeg\" alt=\"\" width=\"212\" height=\"212\" srcset=\"https:\/\/www.monzalecco.lombardia.cisl.it\/wp-content\/uploads\/2018\/06\/SWHobeM2-300x300.jpeg 300w, https:\/\/www.monzalecco.lombardia.cisl.it\/wp-content\/uploads\/2018\/06\/SWHobeM2-150x150.jpeg 150w, https:\/\/www.monzalecco.lombardia.cisl.it\/wp-content\/uploads\/2018\/06\/SWHobeM2-768x768.jpeg 768w, https:\/\/www.monzalecco.lombardia.cisl.it\/wp-content\/uploads\/2018\/06\/SWHobeM2-1024x1024.jpeg 1024w, https:\/\/www.monzalecco.lombardia.cisl.it\/wp-content\/uploads\/2018\/06\/SWHobeM2-510x510.jpeg 510w, https:\/\/www.monzalecco.lombardia.cisl.it\/wp-content\/uploads\/2018\/06\/SWHobeM2.jpeg 1119w\" sizes=\"auto, (max-width: 212px) 100vw, 212px\" \/><\/p>\n<p>L\u2019ANOLF \u00e8 un\u2019associazione di volontariato e senza scopo di lucro promossa dalla CISL che ha come scopo la crescita dell\u2019amicizia e della fratellanza tra i popoli. L\u2019ANOLF \u00e8 nata per realizzare un obiettivo ambizioso, difficile ma profondamente giusto: contribuire a creare una societ\u00e0 aperta verso le diversit\u00e0 in un mondo sempre pi\u00f9 multietnico, multiculturale, nel rispetto e nella valorizzazione delle specificit\u00e0 storiche, culturali e religiose.<\/p>\n<p>Sito web <a href=\"http:\/\/www.anolf.it\" target=\"_blank\" rel=\"noopener noreferrer\">www.anolf.it<\/a><\/p>\n<p><a href=\"https:\/\/www.monzalecco.lombardia.cisl.it\/?page_id=10219\" target=\"_blank\" rel=\"noopener\">Avvisi per selezione pubblica<\/a> per <strong>Progetto FORMA &#8211; Formazione Opportunit\u00e0 e Risorse per Migranti in Agricoltura<\/strong><\/p>\n<h2><strong>Anolf Monza<\/strong><\/h2>\n<p>Email: <a href=\"mailto:anolf.brianza@cisl.it\">anolf.brianza@cisl.it<\/a><\/p>\n<p><strong>MONZA<br \/>\n<\/strong>Via Dante 17\/a \u2013 Monza (MB)<br \/>\nTel. 039\/23991<br \/>\nRiceve su appuntamento inviando un messaggio whatsapp al n. 328\/5407131<br \/>\nPer le persone impossibilitate all&#8217;invio del messaggio le reception CISL possono inoltrare la richiesta di appuntamento tramite mail all&#8217;indirizzo <a href=\"mailto:anolf.brianza@cisl.it\">anolf.brianza@cisl.it<\/a><\/p>\n<p><strong>CESANO MADERNO<\/strong><br \/>\nVia Strada, 2\/B &#8211; Cesano Maderno (MB)<br \/>\nRiceve su appuntamento inviando un messaggio whatsapp al n. 328\/5407131<br \/>\nPer le persone impossibilitate all&#8217;invio del messaggio le reception CISL possono inoltrare la richiesta di appuntamento tramite mail all&#8217;indirizzo <a href=\"mailto:anolf.brianza@cisl.it\">anolf.brianza@cisl.it<\/a><\/p>\n<p><strong>SEREGNO<\/strong><br \/>\nVia Sciesa, 11 &#8211; Seregno (MB)<br \/>\nRiceve su appuntamento inviando un messaggio whatsapp al n. 328\/5407131<br \/>\nPer le persone impossibilitate all&#8217;invio del messaggio le reception CISL possono inoltrare la richiesta di appuntamento tramite mail all&#8217;indirizzo <a href=\"mailto:anolf.brianza@cisl.it\">anolf.brianza@cisl.it<\/a><\/p>\n<p><strong>VIMERCATE<\/strong><br \/>\nVia I. Rota, 9 &#8211; Vimercate (MB)<br \/>\nRiceve su appuntamento inviando un messaggio whatsapp al n. 328\/5407131<br \/>\nPer le persone impossibilitate all&#8217;invio del messaggio le reception CISL possono inoltrare la richiesta di appuntamento tramite mail all&#8217;indirizzo <a href=\"mailto:anolf.brianza@cisl.it\">anolf.brianza@cisl.it<\/a><\/p>\n<h2><strong>Anolf Lecco<\/strong><\/h2>\n<p>Email: <a href=\"mailto:anolf.lecco@cisl.it\">anolf.lecco@cisl.it<\/a><\/p>\n<p><strong>LECCO<\/strong><br \/>\nVia Besonda 11, Lecco (LC)<br \/>\nPer informazioni e appuntamenti inviare<br \/>\nun messaggio Whatsapp sul cell. 331.8088546 (no messaggi vocali)<br \/>\no vi mail ad anolf.lecco@cisl.it<\/p>\n<p><strong>BARZAN\u00d2<\/strong><br \/>\nVia Pirovano 42 &#8211; Barzan\u00f2 LC<br \/>\nRiceve il Luned\u00ec 15.00-18.00 senza appuntamento<\/p>\n<p><strong>MERATE<\/strong><br \/>\nVia De Gasperi 135 &#8211; Merate LC<br \/>\nRiceve il gioved\u00ec 15.00-18.00 senza appuntamento<\/p>\n<div id=\"wpgmza_map\" class=\"wpgmza_map\" data-settings='{\"id\":\"1\",\"map_title\":\"Cisl Monza Brianza Lecco\",\"map_width\":\"100\",\"map_height\":\"1000\",\"map_start_lat\":\"45.967206\",\"map_start_lng\":\"9.356929\",\"map_start_location\":\"45.96720599999998,9.356928626953156\",\"map_start_zoom\":\"10\",\"default_marker\":\"\\\/\\\/www.monzalecco.lombardia.cisl.it\\\/wp-content\\\/uploads\\\/2018\\\/06\\\/map-marker-icon.20x35.png\",\"type\":\"1\",\"alignment\":\"4\",\"directions_enabled\":\"0\",\"styling_enabled\":\"0\",\"styling_json\":\"\",\"active\":\"0\",\"kml\":\"\",\"bicycle\":\"0\",\"traffic\":\"0\",\"dbox\":\"1\",\"dbox_width\":\"100\",\"listmarkers\":\"0\",\"listmarkers_advanced\":\"0\",\"filterbycat\":\"1\",\"ugm_enabled\":\"0\",\"ugm_category_enabled\":\"0\",\"fusion\":\"\",\"map_width_type\":\"\\\\%\",\"map_height_type\":\"px\",\"mass_marker_support\":\"1\",\"ugm_access\":\"0\",\"order_markers_by\":\"2\",\"order_markers_choice\":\"1\",\"show_user_location\":\"2\",\"default_to\":\"\",\"other_settings\":{\"wpgmza_store_locator_restrict\":\"\",\"wpgmza_sl_animation\":\"1\",\"store_locator_query_string\":\"CAP \\\/ Indirizzo:\",\"store_locator_name_string\":\"Titolo \\\/ Descrizione:\",\"store_locator_default_address\":\"\",\"wpgmza_dbox_width_type\":\"%\",\"map_max_zoom\":\"3\",\"map_min_zoom\":\"21\",\"sl_stroke_color\":\"FF0000\",\"sl_stroke_opacity\":\"0.25\",\"sl_fill_color\":\"FF0000\",\"sl_fill_opacity\":\"0.15\",\"click_open_link\":1,\"transport_layer\":0,\"iw_primary_color\":\"2A3744\",\"iw_accent_color\":\"252F3A\",\"iw_text_color\":\"FFFFFF\",\"wpgmza_iw_type\":\"0\",\"list_markers_by\":\"0\",\"push_in_map\":\"\",\"push_in_map_placement\":\"9\",\"wpgmza_push_in_map_width\":\"\",\"wpgmza_push_in_map_height\":\"\",\"wpgmza_theme_data\":\"\",\"upload_default_ul_marker\":\"\",\"upload_default_sl_marker\":\"\",\"shortcodeAttributes\":{\"id\":\"1\",\"cat_id\":\"2001\"}}}' data-map-id='1' Data-maps-engine='' data-shortcode-attributes='{\"id\":\"1\",\"cat_id\":\"2003\"}' style=\"display:block; overflow:auto; width:100%; height:1000px; float:left;\"><\/div>\n","protected":false},"excerpt":{"rendered":"<p>L\u2019ANOLF \u00e8 un\u2019associazione di volontariato e senza scopo di lucro promossa dalla CISL che ha come scopo la crescita dell\u2019amicizia e della fratellanza tra i popoli. L\u2019ANOLF \u00e8 nata per realizzare un obiettivo ambizioso, difficile ma profondamente giusto: contribuire a creare una societ\u00e0 aperta verso le diversit\u00e0 in un mondo sempre pi\u00f9 multietnico, multiculturale, nel [&hellip;]<\/p>\n","protected":false},"author":5,"featured_media":0,"parent":0,"menu_order":0,"comment_status":"closed","ping_status":"closed","template":"","meta":{"footnotes":""},"class_list":["post-1173","page","type-page","status-publish","czr-hentry"],"_links":{"self":[{"href":"https:\/\/www.monzalecco.lombardia.cisl.it\/index.php?rest_route=\/wp\/v2\/pages\/1173","targetHints":{"allow":["GET"]}}],"collection":[{"href":"https:\/\/www.monzalecco.lombardia.cisl.it\/index.php?rest_route=\/wp\/v2\/pages"}],"about":[{"href":"https:\/\/www.monzalecco.lombardia.cisl.it\/index.php?rest_route=\/wp\/v2\/types\/page"}],"author":[{"embeddable":true,"href":"https:\/\/www.monzalecco.lombardia.cisl.it\/index.php?rest_route=\/wp\/v2\/users\/5"}],"replies":[{"embeddable":true,"href":"https:\/\/www.monzalecco.lombardia.cisl.it\/index.php?rest_route=%2Fwp%2Fv2%2Fcomments&post=1173"}],"version-history":[{"count":20,"href":"https:\/\/www.monzalecco.lombardia.cisl.it\/index.php?rest_route=\/wp\/v2\/pages\/1173\/revisions"}],"predecessor-version":[{"id":16195,"href":"https:\/\/www.monzalecco.lombardia.cisl.it\/index.php?rest_route=\/wp\/v2\/pages\/1173\/revisions\/16195"}],"wp:attachment":[{"href":"https:\/\/www.monzalecco.lombardia.cisl.it\/index.php?rest_route=%2Fwp%2Fv2%2Fmedia&parent=1173"}],"curies":[{"name":"wp","href":"https:\/\/api.w.org\/{rel}","templated":true}]}}